{"id":467,"date":"2020-01-01T15:39:46","date_gmt":"2020-01-01T14:39:46","guid":{"rendered":"https:\/\/evelyne-jardin.fr\/?page_id=467"},"modified":"2021-10-12T19:39:38","modified_gmt":"2021-10-12T17:39:38","slug":"mediation-numerique","status":"publish","type":"page","link":"https:\/\/evelyne-jardin.fr\/index.php\/mediation-numerique\/","title":{"rendered":"M\u00e9diation num\u00e9rique"},"content":{"rendered":"\n<h2 class=\"wp-block-heading\">De 2011 et 2021, Evelyne Jardin \u00e9tait m\u00e9diatrice num\u00e9rique dans un centre social. Depuis septembre 2021, elle forme les futurs conseillers num\u00e9riques.<\/h2>\n\n\n\n<h3 class=\"wp-block-heading\">Usages quotidiens des outils num\u00e9riques<\/h3>\n\n\n\n<p>De 2011 \u00e0 2021, animation de modules sur ordinateur et tablette. Public : adultes grands d\u00e9butants.<\/p>\n\n\n\n<ul><li>Module 1 : prise en main des terminaux fixes et mobiles et d\u00e9marrage de la navigation sur Internet<\/li><li>Module 2 : cr\u00e9ation d&rsquo;une bo\u00eete email et gestion du courriel<\/li><li>Module 3 : d\u00e9marches en ligne et activit\u00e9s de loisir<\/li><\/ul>\n\n\n\n<h3 class=\"wp-block-heading\">Culture num\u00e9rique<\/h3>\n\n\n\n<p>Les interventions en m\u00e9diation num\u00e9rique \u00e9taient toujours coupl\u00e9es \u00e0 <strong>une sensibilisation \u00e0 la culture num\u00e9rique<\/strong> et, particuli\u00e8rement \u00e0 celle des <strong>biens communs num\u00e9riques<\/strong>.<\/p>\n\n\n\n<figure class=\"wp-block-image size-large\"><img data-attachment-id=\"515\" data-permalink=\"https:\/\/evelyne-jardin.fr\/index.php\/mediation-numerique\/logo-lef\/\" data-orig-file=\"https:\/\/i0.wp.com\/evelyne-jardin.fr\/wp-content\/uploads\/2020\/01\/logo-lef.png?fit=808%2C750&amp;ssl=1\" data-orig-size=\"808,750\" data-comments-opened=\"1\" data-image-meta=\"{&quot;aperture&quot;:&quot;0&quot;,&quot;credit&quot;:&quot;&quot;,&quot;camera&quot;:&quot;&quot;,&quot;caption&quot;:&quot;&quot;,&quot;created_timestamp&quot;:&quot;0&quot;,&quot;copyright&quot;:&quot;&quot;,&quot;focal_length&quot;:&quot;0&quot;,&quot;iso&quot;:&quot;0&quot;,&quot;shutter_speed&quot;:&quot;0&quot;,&quot;title&quot;:&quot;&quot;,&quot;orientation&quot;:&quot;0&quot;}\" data-image-title=\"logo-lef\" data-image-description=\"\" data-image-caption=\"\" data-medium-file=\"https:\/\/i0.wp.com\/evelyne-jardin.fr\/wp-content\/uploads\/2020\/01\/logo-lef.png?fit=300%2C278&amp;ssl=1\" data-large-file=\"https:\/\/i0.wp.com\/evelyne-jardin.fr\/wp-content\/uploads\/2020\/01\/logo-lef.png?fit=808%2C750&amp;ssl=1\" decoding=\"async\" loading=\"lazy\" width=\"808\" height=\"750\" src=\"https:\/\/i0.wp.com\/evelyne-jardin.fr\/wp-content\/uploads\/2020\/01\/logo-lef.png?resize=808%2C750&#038;ssl=1\" alt=\"\" class=\"wp-image-515\" srcset=\"https:\/\/i0.wp.com\/evelyne-jardin.fr\/wp-content\/uploads\/2020\/01\/logo-lef.png?w=808&amp;ssl=1 808w, https:\/\/i0.wp.com\/evelyne-jardin.fr\/wp-content\/uploads\/2020\/01\/logo-lef.png?resize=300%2C278&amp;ssl=1 300w, https:\/\/i0.wp.com\/evelyne-jardin.fr\/wp-content\/uploads\/2020\/01\/logo-lef.png?resize=768%2C713&amp;ssl=1 768w, https:\/\/i0.wp.com\/evelyne-jardin.fr\/wp-content\/uploads\/2020\/01\/logo-lef.png?resize=270%2C250&amp;ssl=1 270w\" sizes=\"(max-width: 808px) 100vw, 808px\" data-recalc-dims=\"1\" \/><figcaption>Logo de Libre en f\u00eate<\/figcaption><\/figure>\n\n\n\n<p>Chaque ann\u00e9e, avec le centre social, ils coordonnaient un <strong>programme d&rsquo;animations pour le festival <em>Libre en f\u00eate<\/em><\/strong>. Initi\u00e9 par l&rsquo;APRIL (Association de promotion des logiciels libres), ce festival promeut les logiciels et, plus largement, la culture libre.<\/p>\n\n\n\n<h3 class=\"wp-block-heading\">Formatrice des conseillers num\u00e9riques<\/h3>\n\n\n\n<p>Depuis septembre 2021, Evelyne Jardin participe \u00e0 la formation des futurs conseillers num\u00e9riques pour l&rsquo;<a href=\"http:\/\/asts.paris\/\" target=\"_blank\" rel=\"noreferrer noopener\" aria-label=\"ASTS (s\u2019ouvre dans un nouvel onglet)\">ASTS<\/a> \u00e0 Paris.<\/p>\n\n\n\n<figure class=\"wp-block-embed-twitter wp-block-embed is-type-rich is-provider-twitter\"><div class=\"wp-block-embed__wrapper\">\n<blockquote class=\"twitter-tweet\" data-width=\"550\" data-dnt=\"true\"><p lang=\"fr\" dir=\"ltr\">Bilan de mon intervention pour la formation de conseillers num\u00e9riques <a href=\"https:\/\/twitter.com\/LienAsts?ref_src=twsrc%5Etfw\">@LienAsts<\/a> Le retour des apprenants fait chaud au c\u0153ur <a href=\"https:\/\/twitter.com\/hashtag\/CNFS?src=hash&amp;ref_src=twsrc%5Etfw\">#CNFS<\/a> <a href=\"https:\/\/twitter.com\/hashtag\/mednum?src=hash&amp;ref_src=twsrc%5Etfw\">#mednum<\/a> <a href=\"https:\/\/twitter.com\/hashtag\/formation?src=hash&amp;ref_src=twsrc%5Etfw\">#formation<\/a> <a href=\"https:\/\/twitter.com\/hashtag\/FranceRelance?src=hash&amp;ref_src=twsrc%5Etfw\">#FranceRelance<\/a> <a href=\"https:\/\/twitter.com\/hashtag\/inclusionnumerique?src=hash&amp;ref_src=twsrc%5Etfw\">#inclusionnumerique<\/a> <a href=\"https:\/\/t.co\/LZxpw46U3L\">pic.twitter.com\/LZxpw46U3L<\/a><\/p>&mdash; Dr Evelyne Jardin (@EvelyneJardin) <a href=\"https:\/\/twitter.com\/EvelyneJardin\/status\/1446385975719047178?ref_src=twsrc%5Etfw\">October 8, 2021<\/a><\/blockquote><script async src=\"https:\/\/platform.twitter.com\/widgets.js\" charset=\"utf-8\"><\/script>\n<\/div><figcaption>Deux apprenants s&rsquo;expriment sur la formation<\/figcaption><\/figure>\n","protected":false},"excerpt":{"rendered":"<p>Depuis 2011, je suis m\u00e9diatrice num\u00e9rique dans un centre social. Et j&rsquo;anime une \u00e9mission de radio.<\/p>\n","protected":false},"author":1,"featured_media":513,"parent":0,"menu_order":0,"comment_status":"closed","ping_status":"closed","template":"","meta":{"jetpack_post_was_ever_published":false,"footnotes":""},"jetpack_sharing_enabled":true,"jetpack_shortlink":"https:\/\/wp.me\/P9icIM-7x","jetpack-related-posts":[{"id":460,"url":"https:\/\/evelyne-jardin.fr\/index.php\/communication-associative\/","url_meta":{"origin":467,"position":0},"title":"Communication associative","author":"Evelyne","date":"1 janvier 2020","format":false,"excerpt":"Depuis 2011, je forme des b\u00e9n\u00e9voles et des responsables associatifs \u00e0 la communication Web. Je suis aussi auteure pour Juris Associations et experte pour Associath\u00e8que.","rel":"","context":"Article similaire","block_context":{"text":"Article similaire","link":""},"img":{"alt_text":"","src":"https:\/\/i0.wp.com\/evelyne-jardin.fr\/wp-content\/uploads\/2021\/10\/formation-strategie-communication-evelyne-jardin-2021-1.png?resize=350%2C200&ssl=1","width":350,"height":200},"classes":[]},{"id":470,"url":"https:\/\/evelyne-jardin.fr\/index.php\/projets-pedagogiques\/","url_meta":{"origin":467,"position":1},"title":"Projets p\u00e9dagogiques","author":"Evelyne","date":"1 janvier 2020","format":false,"excerpt":"Ing\u00e9nierie de formation, pilotage de projets tuteur\u00e9s et animation de r\u00e9seau, Evelyne Jardin est tr\u00e8s investie dans un master \u00e0 l'universit\u00e9 Paris Nanterre.","rel":"","context":"Article similaire","block_context":{"text":"Article similaire","link":""},"img":{"alt_text":"Banni\u00e8re Facebook du projet tuteur\u00e9 Nanterre pas ta plan\u00e8te","src":"https:\/\/i0.wp.com\/evelyne-jardin.fr\/wp-content\/uploads\/2020\/01\/banniere-escape-game-fin.jpg?fit=1048%2C214&ssl=1&resize=350%2C200","width":350,"height":200,"srcset":"https:\/\/i0.wp.com\/evelyne-jardin.fr\/wp-content\/uploads\/2020\/01\/banniere-escape-game-fin.jpg?fit=1048%2C214&ssl=1&resize=350%2C200 1x, https:\/\/i0.wp.com\/evelyne-jardin.fr\/wp-content\/uploads\/2020\/01\/banniere-escape-game-fin.jpg?fit=1048%2C214&ssl=1&resize=525%2C300 1.5x, https:\/\/i0.wp.com\/evelyne-jardin.fr\/wp-content\/uploads\/2020\/01\/banniere-escape-game-fin.jpg?fit=1048%2C214&ssl=1&resize=700%2C400 2x"},"classes":[]}],"_links":{"self":[{"href":"https:\/\/evelyne-jardin.fr\/index.php\/wp-json\/wp\/v2\/pages\/467"}],"collection":[{"href":"https:\/\/evelyne-jardin.fr\/index.php\/wp-json\/wp\/v2\/pages"}],"about":[{"href":"https:\/\/evelyne-jardin.fr\/index.php\/wp-json\/wp\/v2\/types\/page"}],"author":[{"embeddable":true,"href":"https:\/\/evelyne-jardin.fr\/index.php\/wp-json\/wp\/v2\/users\/1"}],"replies":[{"embeddable":true,"href":"https:\/\/evelyne-jardin.fr\/index.php\/wp-json\/wp\/v2\/comments?post=467"}],"version-history":[{"count":7,"href":"https:\/\/evelyne-jardin.fr\/index.php\/wp-json\/wp\/v2\/pages\/467\/revisions"}],"predecessor-version":[{"id":560,"href":"https:\/\/evelyne-jardin.fr\/index.php\/wp-json\/wp\/v2\/pages\/467\/revisions\/560"}],"wp:featuredmedia":[{"embeddable":true,"href":"https:\/\/evelyne-jardin.fr\/index.php\/wp-json\/wp\/v2\/media\/513"}],"wp:attachment":[{"href":"https:\/\/evelyne-jardin.fr\/index.php\/wp-json\/wp\/v2\/media?parent=467"}],"curies":[{"name":"wp","href":"https:\/\/api.w.org\/{rel}","templated":true}]}}